{"id":35,"date":"2010-08-14T17:24:55","date_gmt":"2022-08-01T19:49:33","guid":{"rendered":"http:\/\/n.fundacionpalm.org\/index.php\/doce-trayectorias-y-un-camino\/"},"modified":"2022-08-17T16:45:23","modified_gmt":"2022-08-17T20:45:23","slug":"doce-trayectorias-y-un-camino","status":"publish","type":"page","link":"https:\/\/fundacionpalm.org\/index.php\/doce-trayectorias-y-un-camino\/","title":{"rendered":"Doce trayectorias y un camino"},"content":{"rendered":"<div class=\"wp-block-image\">\n<figure class=\"aligncenter size-full is-resized\"><img loading=\"lazy\" decoding=\"async\" src=\"https:\/\/fundacionpalm.org\/wp-content\/uploads\/2022\/08\/afiche-1.jpg\" alt=\"doce trayectorias\" class=\"wp-image-34\" width=\"784\" height=\"642\" srcset=\"https:\/\/fundacionpalm.org\/wp-content\/uploads\/2022\/08\/afiche-1.jpg 923w, https:\/\/fundacionpalm.org\/wp-content\/uploads\/2022\/08\/afiche-1-300x246.jpg 300w, https:\/\/fundacionpalm.org\/wp-content\/uploads\/2022\/08\/afiche-1-768x630.jpg 768w\" sizes=\"auto, (max-width: 784px) 100vw, 784px\" \/><\/figure>\n<\/div>\n\n\n<p class=\"has-text-align-center wp-block-paragraph\"><a href=\"\/index.php\/cesar-ivan-feris-iglesias\/\">C\u00e9sar Iv\u00e1n Feris Iglesias<\/a> &#8211; <a href=\"#\">Eugenio P\u00e9rez Mont\u00e1s<\/a> &#8211; <a href=\"#\">Rafael Tom\u00e1s Hern\u00e1ndez<\/a><\/p>\n\n\n\n<p class=\"has-text-align-center wp-block-paragraph\"><a href=\"#\">Erwin Cott<\/a> &#8211; <a href=\"#\">Cuqui Batista<\/a> &#8211; <a href=\"#\">Manuel S Gautier<\/a><\/p>\n\n\n\n<p class=\"has-text-align-center wp-block-paragraph\"><a href=\"#\">Victor Bison\u00f3<\/a> &#8211; <a href=\"#\">William Reid Cabral<\/a> &#8211; <a href=\"#\">Leopoldo Espaillat Nanita<\/a><\/p>\n\n\n\n<p class=\"has-text-align-center wp-block-paragraph\"><a href=\"#\">Francisco Camarena<\/a> &#8211; <a href=\"\/index.php\/arq-diana-la-paix\/\">Diana La Paix<\/a> &#8211; <a href=\"#\">Rafael Calventi<\/a><\/p>\n","protected":false},"excerpt":{"rendered":"<p>C\u00e9sar Iv\u00e1n Feris Iglesias &#8211; Eugenio P\u00e9rez Mont\u00e1s &#8211; Rafael Tom\u00e1s Hern\u00e1ndez Erwin Cott &#8211; Cuqui Batista &#8211; Manuel S Gautier Victor Bison\u00f3 &#8211; William Reid Cabral &#8211; Leopoldo Espaillat Nanita Francisco Camarena &#8211; Diana La Paix &#8211; Rafael Calventi<\/p>\n","protected":false},"author":1,"featured_media":34,"parent":0,"menu_order":0,"comment_status":"closed","ping_status":"closed","template":"","meta":{"footnotes":""},"class_list":["post-35","page","type-page","status-publish","has-post-thumbnail","hentry"],"_links":{"self":[{"href":"https:\/\/fundacionpalm.org\/index.php\/wp-json\/wp\/v2\/pages\/35","targetHints":{"allow":["GET"]}}],"collection":[{"href":"https:\/\/fundacionpalm.org\/index.php\/wp-json\/wp\/v2\/pages"}],"about":[{"href":"https:\/\/fundacionpalm.org\/index.php\/wp-json\/wp\/v2\/types\/page"}],"author":[{"embeddable":true,"href":"https:\/\/fundacionpalm.org\/index.php\/wp-json\/wp\/v2\/users\/1"}],"replies":[{"embeddable":true,"href":"https:\/\/fundacionpalm.org\/index.php\/wp-json\/wp\/v2\/comments?post=35"}],"version-history":[{"count":6,"href":"https:\/\/fundacionpalm.org\/index.php\/wp-json\/wp\/v2\/pages\/35\/revisions"}],"predecessor-version":[{"id":323,"href":"https:\/\/fundacionpalm.org\/index.php\/wp-json\/wp\/v2\/pages\/35\/revisions\/323"}],"wp:featuredmedia":[{"embeddable":true,"href":"https:\/\/fundacionpalm.org\/index.php\/wp-json\/wp\/v2\/media\/34"}],"wp:attachment":[{"href":"https:\/\/fundacionpalm.org\/index.php\/wp-json\/wp\/v2\/media?parent=35"}],"curies":[{"name":"wp","href":"https:\/\/api.w.org\/{rel}","templated":true}]}}